{"id":3146,"date":"2026-04-17T08:25:52","date_gmt":"2026-04-17T06:25:52","guid":{"rendered":"https:\/\/szentbalazs.ro\/?page_id=3146"},"modified":"2026-04-22T10:32:31","modified_gmt":"2026-04-22T08:32:31","slug":"medit-vi","status":"publish","type":"page","link":"https:\/\/szentbalazs.ro\/ro\/medit-vi\/","title":{"rendered":"MEDIT VI"},"content":{"rendered":"<div class=\"wpb-content-wrapper\"><p>[vc_row full_width=&#8221;stretch_row&#8221; content_placement=&#8221;middle&#8221; el_id=&#8221;innerHero&#8221; el_class=&#8221;row-hero-programs&#8221; css=&#8221;.vc_custom_1765964337427{background-image: url(https:\/\/szentbalazs.ro\/wp-content\/uploads\/2025\/07\/IMG_7057-scaled.jpg?id=2594) !important;background-position: center !important;background-repeat: no-repeat !important;background-size: cover !important;}&#8221;][vc_column][vc_custom_heading text=&#8221;MEDIT VI&#8221; font_container=&#8221;tag:h2|text_align:center&#8221; use_theme_fonts=&#8221;yes&#8221; css=&#8221;&#8221;][\/vc_column][\/vc_row][vc_section][vc_row][vc_column width=&#8221;1\/2&#8243;][vc_single_image image=&#8221;3161&#8243; img_size=&#8221;large&#8221; css=&#8221;&#8221;][\/vc_column][vc_column width=&#8221;1\/2&#8243;][vc_column_text css=&#8221;&#8221;]A 6-a edi\u021bie a Simpozionului Transilv\u0103nean de Diabetologie va avea loc \u00een perioada 19\u201321 iunie 2026, \u00een localitatea S\u00e2nv\u0103sii, jude\u021bul Mure\u0219, cu participarea medicilor speciali\u0219ti \u0219i a medicilor reziden\u021bi din Rom\u00e2nia \u0219i Ungaria. Conferin\u021ba \u0219tiin\u021bific\u0103 va avea \u00een centrul aten\u021biei aspectele neuropsihologice ale diabetului zaharat \u0219i op\u021biunile moderne de tratament, acord\u00e2nd o aten\u021bie deosebit\u0103 distresului diabetic, inova\u021biilor tehnologice (CGMS, pompe de insulin\u0103), corela\u021biilor oncologice, precum \u0219i diferitelor aspecte ale neuropatiei.<\/p>\n<p>Programul provizoriu al evenimentului (modulele dureaz\u0103 aproximativ 4 ore):<\/p>\n<ul>\n<li>Modul 1: Distressul diabetic \u2013 prelegeri \u0219i workshop. Demen\u021ba la pacientul diabetic<\/li>\n<li>Modul 2: CGMS \u0219i pompa de insulin\u0103 \u2013 prelegeri, workshop, demonstra\u021bii interactive<\/li>\n<li>Modul 3: Oncologia \u0219i diabetul zaharat<\/li>\n<li>Modul 4: Neuropatia diabetic\u0103 \u2013 aspecte variate. Demonstra\u021bii ENG<\/li>\n<li>Modul 5: Practica tratamentului modern \u2013 implementarea recomand\u0103rilor actuale<\/li>\n<\/ul>\n<p>Evenimentul este organizat de Funda\u021bia Sf. Blasius \u00een colaborare cu Colegiul Medicilor Harghita \u0219i va fi creditat EMC.<\/p>\n<p>Mai multe detalii \u00een cur\u00e2nd.[\/vc_column_text][\/vc_column][\/vc_row][\/vc_section]<\/p>\n<\/div>","protected":false},"excerpt":{"rendered":"<p>[vc_row full_width=&#8221;stretch_row&#8221; content_placement=&#8221;middle&#8221; el_id=&#8221;innerHero&#8221; el_class=&#8221;row-hero-programs&#8221; css=&#8221;.vc_custom_1765964337427{background-image: url(https:\/\/szentbalazs.ro\/wp-content\/uploads\/2025\/07\/IMG_7057-scaled.jpg?id=2594) !important;background-position: center !important;background-repeat: no-repeat !important;background-size: cover !important;}&#8221;][vc_column][vc_custom_heading text=&#8221;MEDIT VI&#8221; font_container=&#8221;tag:h2|text_align:center&#8221; use_theme_fonts=&#8221;yes&#8221; css=&#8221;&#8221;][\/vc_column][\/vc_row][vc_section][vc_row][vc_column width=&#8221;1\/2&#8243;][vc_single_image image=&#8221;3161&#8243; img_size=&#8221;large&#8221; css=&#8221;&#8221;][\/vc_column][vc_column width=&#8221;1\/2&#8243;][vc_column_text css=&#8221;&#8221;]A 6-a edi\u021bie a Simpozionului Transilv\u0103nean de Diabetologie va avea loc \u00een perioada 19\u201321 iunie 2026, \u00een localitatea S\u00e2nv\u0103sii, jude\u021bul Mure\u0219, cu participarea medicilor speciali\u0219ti \u0219i a medicilor reziden\u021bi din Rom\u00e2nia&hellip;<\/p>\n","protected":false},"author":1,"featured_media":0,"parent":0,"menu_order":0,"comment_status":"closed","ping_status":"closed","template":"","meta":{"footnotes":""},"class_list":["post-3146","page","type-page","status-publish","hentry","description-off"],"_links":{"self":[{"href":"https:\/\/szentbalazs.ro\/ro\/wp-json\/wp\/v2\/pages\/3146","targetHints":{"allow":["GET"]}}],"collection":[{"href":"https:\/\/szentbalazs.ro\/ro\/wp-json\/wp\/v2\/pages"}],"about":[{"href":"https:\/\/szentbalazs.ro\/ro\/wp-json\/wp\/v2\/types\/page"}],"author":[{"embeddable":true,"href":"https:\/\/szentbalazs.ro\/ro\/wp-json\/wp\/v2\/users\/1"}],"replies":[{"embeddable":true,"href":"https:\/\/szentbalazs.ro\/ro\/wp-json\/wp\/v2\/comments?post=3146"}],"version-history":[{"count":6,"href":"https:\/\/szentbalazs.ro\/ro\/wp-json\/wp\/v2\/pages\/3146\/revisions"}],"predecessor-version":[{"id":3203,"href":"https:\/\/szentbalazs.ro\/ro\/wp-json\/wp\/v2\/pages\/3146\/revisions\/3203"}],"wp:attachment":[{"href":"https:\/\/szentbalazs.ro\/ro\/wp-json\/wp\/v2\/media?parent=3146"}],"curies":[{"name":"wp","href":"https:\/\/api.w.org\/{rel}","templated":true}]}}