{"id":3205,"date":"2026-04-22T10:38:03","date_gmt":"2026-04-22T08:38:03","guid":{"rendered":"https:\/\/szentbalazs.ro\/?post_type=just_event&#038;p=3205"},"modified":"2026-04-22T10:42:29","modified_gmt":"2026-04-22T08:42:29","slug":"medit-vi","status":"publish","type":"just_event","link":"https:\/\/szentbalazs.ro\/ro\/esemenyek\/medit-vi\/","title":{"rendered":"MEDIT VI"},"content":{"rendered":"<p>A 6-a edi\u021bie a Simpozionului Transilv\u0103nean de Diabetologie va avea loc \u00een perioada 19\u201321 iunie 2026, \u00een localitatea S\u00e2nv\u0103sii, jude\u021bul Mure\u0219, cu participarea medicilor speciali\u0219ti \u0219i a medicilor reziden\u021bi din Rom\u00e2nia \u0219i Ungaria. Conferin\u021ba \u0219tiin\u021bific\u0103 va avea \u00een centrul aten\u021biei aspectele neuropsihologice ale diabetului zaharat \u0219i op\u021biunile moderne de tratament, acord\u00e2nd o aten\u021bie deosebit\u0103 distresului diabetic, inova\u021biilor tehnologice (CGMS, pompe de insulin\u0103), corela\u021biilor oncologice, precum \u0219i diferitelor aspecte ale neuropatiei.<\/p><p>Programul provizoriu al evenimentului (modulele dureaz\u0103 aproximativ 4 ore):<\/p><ul class=\"wp-block-list\"><li>Modul 1: Distressul diabetic \u2013 prelegeri \u0219i workshop. Demen\u021ba la pacientul diabetic<\/li>\n\n<li>Modul 2: CGMS \u0219i pompa de insulin\u0103 \u2013 prelegeri, workshop, demonstra\u021bii interactive<\/li>\n\n<li>Modul 3: Oncologia \u0219i diabetul zaharat<\/li>\n\n<li>Modul 4: Neuropatia diabetic\u0103 \u2013 aspecte variate. Demonstra\u021bii ENG<\/li>\n\n<li>Modul 5: Practica tratamentului modern \u2013 implementarea recomand\u0103rilor actuale<\/li><\/ul><p>Evenimentul este organizat de Funda\u021bia Sf. Blasius \u00een colaborare cu Colegiul Medicilor Harghita \u0219i va fi creditat EMC.<\/p><p>Mai multe detalii \u00een cur\u00e2nd.<\/p>","protected":false},"excerpt":{"rendered":"<p>A 6-a edi\u021bie a Simpozionului Transilv\u0103nean de Diabetologie va avea loc \u00een perioada 19\u201321 iunie 2026, \u00een localitatea S\u00e2nv\u0103sii, jude\u021bul Mure\u0219, cu participarea medicilor speciali\u0219ti \u0219i a medicilor reziden\u021bi din Rom\u00e2nia \u0219i Ungaria.<\/p>\n","protected":false},"author":1,"featured_media":3161,"template":"","meta":{"_just_events_all_day":false,"_just_events_start_date":"2026-06-19 15:00:00","_just_events_end_date":"2026-06-21 14:00:00","_just_events_link":""},"event_category":[],"class_list":["post-3205","just_event","type-just_event","status-publish","has-post-thumbnail","hentry","description-off"],"_links":{"self":[{"href":"https:\/\/szentbalazs.ro\/ro\/wp-json\/wp\/v2\/just_event\/3205","targetHints":{"allow":["GET"]}}],"collection":[{"href":"https:\/\/szentbalazs.ro\/ro\/wp-json\/wp\/v2\/just_event"}],"about":[{"href":"https:\/\/szentbalazs.ro\/ro\/wp-json\/wp\/v2\/types\/just_event"}],"author":[{"embeddable":true,"href":"https:\/\/szentbalazs.ro\/ro\/wp-json\/wp\/v2\/users\/1"}],"wp:featuredmedia":[{"embeddable":true,"href":"https:\/\/szentbalazs.ro\/ro\/wp-json\/wp\/v2\/media\/3161"}],"wp:attachment":[{"href":"https:\/\/szentbalazs.ro\/ro\/wp-json\/wp\/v2\/media?parent=3205"}],"wp:term":[{"taxonomy":"event_category","embeddable":true,"href":"https:\/\/szentbalazs.ro\/ro\/wp-json\/wp\/v2\/event_category?post=3205"}],"curies":[{"name":"wp","href":"https:\/\/api.w.org\/{rel}","templated":true}]}}